{"id":405,"date":"2024-03-12T18:40:06","date_gmt":"2024-03-12T18:40:06","guid":{"rendered":"https:\/\/wuelfingen.de\/w24\/?page_id=405"},"modified":"2024-10-22T23:07:01","modified_gmt":"2024-10-22T21:07:01","slug":"vereine-und-verbaende","status":"publish","type":"page","link":"https:\/\/wuelfingen.de\/w24\/vereine-und-verbaende\/","title":{"rendered":"Vereine und Verb\u00e4nde"},"content":{"rendered":"<p>[et_pb_section fb_built=&#8220;1&#8243; next_background_color=&#8220;#f5f0eb&#8220; _builder_version=&#8220;4.24.2&#8243; _module_preset=&#8220;default&#8220; background_color=&#8220;#9EC2B6&#8243; custom_padding=&#8220;5%||8%||false|false&#8220; bottom_divider_style=&#8220;wave2&#8243; global_colors_info=&#8220;{}&#8220;][et_pb_row _builder_version=&#8220;4.24.2&#8243; _module_preset=&#8220;default&#8220; global_colors_info=&#8220;{}&#8220;][et_pb_column type=&#8220;4_4&#8243; _builder_version=&#8220;4.24.2&#8243; _module_preset=&#8220;default&#8220; global_colors_info=&#8220;{}&#8220;][et_pb_text _builder_version=&#8220;4.24.2&#8243; _module_preset=&#8220;default&#8220; text_font=&#8220;|800|||||||&#8220; header_font=&#8220;|800||on|||||&#8220; header_text_color=&#8220;#f5f0eb&#8220; header_line_height=&#8220;1.2em&#8220; global_colors_info=&#8220;{}&#8220;]<\/p>\n<h1 style=\"text-align: center;\"><span style=\"color: rgba(255, 255, 255, 0.62);\">W\u00fclfinger<\/span><br \/><span style=\"color: #ffffff;\">Vereine und Verb\u00e4nde<\/span><\/h1>\n<p>[\/et_pb_text][\/et_pb_column][\/et_pb_row][\/et_pb_section][et_pb_section fb_built=&#8220;1&#8243; module_id=&#8220;feuerwehr&#8220; _builder_version=&#8220;4.24.2&#8243; _module_preset=&#8220;default&#8220; background_color=&#8220;#f5f0eb&#8220; custom_padding=&#8220;5%||8%||false|false&#8220; bottom_divider_style=&#8220;wave2&#8243; bottom_divider_color=&#8220;#FFFFFF&#8220; global_colors_info=&#8220;{}&#8220;][et_pb_row column_structure=&#8220;2_5,3_5&#8243; _builder_version=&#8220;4.26.0&#8243; _module_preset=&#8220;default&#8220; custom_margin=&#8220;0px||0px||false|false&#8220; custom_padding=&#8220;0px||0px||false|false&#8220; global_colors_info=&#8220;{}&#8220;][et_pb_column type=&#8220;2_5&#8243; _builder_version=&#8220;4.26.0&#8243; _module_preset=&#8220;default&#8220; background_color=&#8220;#FFFFFF&#8220; custom_padding=&#8220;2%|2%|2%|2%|true|true&#8220; global_colors_info=&#8220;{}&#8220;][et_pb_text module_class=&#8220;auszeichnung_beige&#8220; _builder_version=&#8220;4.26.0&#8243; _module_preset=&#8220;default&#8220; header_2_font=&#8220;|800||on|||||&#8220; header_2_font_size=&#8220;30px&#8220; global_colors_info=&#8220;{}&#8220;]<\/p>\n<h2 class=\"entry-header\">Feuerwehr<\/h2>\n<p>[\/et_pb_text][et_pb_image src=&#8220;http:\/\/wuelfingen.de\/w24\/wp-content\/uploads\/2024\/08\/wuelfingen_feuerwehr.webp&#8220; title_text=&#8220;wuelfingen_feuerwehr&#8220; _builder_version=&#8220;4.27.0&#8243; _module_preset=&#8220;default&#8220; global_colors_info=&#8220;{}&#8220;][\/et_pb_image][et_pb_team_member name=&#8220;Uwe Wieckhorst &#8220; position=&#8220;Ortsbrandmeister &#8220; image_url=&#8220;http:\/\/wuelfingen.de\/w24\/wp-content\/uploads\/2024\/08\/musterperson.png&#8220; _builder_version=&#8220;4.27.0&#8243; _module_preset=&#8220;default&#8220; header_font=&#8220;|800|||||||&#8220; header_text_color=&#8220;#B24558&#8243; header_font_size=&#8220;22px&#8220; position_line_height=&#8220;2em&#8220; text_orientation=&#8220;center&#8220; custom_padding=&#8220;5%|5%|5%|5%|true|true&#8220; border_width_all=&#8220;1px&#8220; border_style_all=&#8220;dotted&#8220; global_colors_info=&#8220;{}&#8220;]<\/p>\n<p><span>Im Teiche 8<br \/><\/span><span>31008 Elze<\/span><\/p>\n<p>[\/et_pb_team_member][et_pb_text _builder_version=&#8220;4.26.0&#8243; _module_preset=&#8220;default&#8220; global_colors_info=&#8220;{}&#8220;]<\/p>\n<p>Weitere Informationen finden Sie auf der Internetseite der Ortsfeuerwehr W\u00fclfingen.<\/p>\n<p>[\/et_pb_text][et_pb_button button_url=&#8220;https:\/\/ffwuelfingen.de\/&#8220; button_text=&#8220;Zur Internetseite&#8220; _builder_version=&#8220;4.26.0&#8243; _module_preset=&#8220;default&#8220; custom_button=&#8220;on&#8220; button_text_color=&#8220;#82292F&#8220; global_colors_info=&#8220;{}&#8220;][\/et_pb_button][\/et_pb_column][et_pb_column type=&#8220;3_5&#8243; _builder_version=&#8220;4.24.2&#8243; _module_preset=&#8220;default&#8220; global_colors_info=&#8220;{}&#8220;][et_pb_text module_class=&#8220;auszeichnung_weiss&#8220; _builder_version=&#8220;4.27.0&#8243; _module_preset=&#8220;default&#8220; header_2_font=&#8220;|800|||||||&#8220; global_colors_info=&#8220;{}&#8220;]<\/p>\n<h2>Freiwillige Feuerwehr W\u00fclfingen<\/h2>\n<p>&nbsp;<\/p>\n<p>Die Freiwillige Feuerwehr W\u00fclfingen wurde 1876 gegr\u00fcndet und ist seitdem ein fester Bestandteil des Dorflebens und ein sicherer Partner auf den, egal zu welcher Tages- und Nachtzeit, immer verlass ist.<br \/>Die Einsatzabteilung der Feuerwehr leistet jedes Jahr zahlreiche Dienststunden f\u00fcr Ausbildung, \u00dcbung und Eins\u00e4tze ab. Dazu geh\u00f6ren die Theorie- und Praxisstunden an den Dienstabenden, die weiterf\u00fchrenden Dienste im Bereich der Kreisfeuerwehr und dem Gefahrgutzug sowie weitere Dienste wie z.B. die der Atemschutzger\u00e4tetr\u00e4ger oder Maschinisten. Nat\u00fcrlich kommt auch die Kameradschaftspflege dabei nicht zu kurz.<\/p>\n<p>Wenn Du also Teil einer starken Gemeinschaft werden m\u00f6chtest und Lust auf ein wichtiges und interessantes Hobby hast, dann komm uns gerne bei einem unsere Dienstabende, die jeden Montag und jede zweite Woche Mittwoch, um 19.30Uhr stattfinden, besuchen. Aktuelle Informationen zu uns findest Du auf der Website der Feuerwehr W\u00fclfingen.<\/p>\n<p>&nbsp;<\/p>\n<h2>Jugendfeuerwehr W\u00fclfingen<\/h2>\n<p>&nbsp;<\/p>\n<p>Die Jugendfeuerwehr W\u00fclfingen wurde 1966 gegr\u00fcndet und ist seitdem ein fester Bestandteil der Jugendarbeit in W\u00fclfingen. Unser Ziel ist es Kindern und Jugendlichen ab 10 Jahren f\u00fcr den Einsatz in der Feuerwehr zu begeistern. Den Jugendlichen wird in einem kameradschaftlichen Umfeld so viel wie m\u00f6glich \u00fcber die Feuerwehr und den Zusammenhalt beigebracht, so dass ein nahtloser \u00dcbergang in die Einsatzabteilung gegeben ist. Selbstverst\u00e4ndlich kommt der Spa\u00df dabei nicht zu kurz.<\/p>\n<p>Unsere Erfahrung zeigt, dass Jugendliche, die einmal Spa\u00df an der Feuerwehr gefunden haben, diesem Hobby viele Jahre \u2013 oft sogar ein Leben lang \u2013 treu bleiben.<\/p>\n<p>Also, wenn auch Du Lust auf ein interessantes Hobby hast, dann komm uns gerne bei einem unserer Dienstabende, die jeden Mittwoch um 18Uhr am Feuerwehrhaus stattfinden, besuchen. Weitere Infos findest Du auf unserer Webseite.<a href=\"https:\/\/ffwuelfingen.de\/\"><\/a><\/p>\n<p>[\/et_pb_text][\/et_pb_column][\/et_pb_row][et_pb_row _builder_version=&#8220;4.24.2&#8243; _module_preset=&#8220;default&#8220; custom_margin=&#8220;0px||0px||false|false&#8220; custom_padding=&#8220;5%||5%||true|false&#8220; global_colors_info=&#8220;{}&#8220;][et_pb_column type=&#8220;4_4&#8243; _builder_version=&#8220;4.24.2&#8243; _module_preset=&#8220;default&#8220; global_colors_info=&#8220;{}&#8220;][et_pb_divider color=&#8220;#515B65&#8243; divider_position=&#8220;center&#8220; module_id=&#8220;drk&#8220; _builder_version=&#8220;4.24.2&#8243; _module_preset=&#8220;default&#8220; custom_margin=&#8220;0px||0px||false|false&#8220; custom_padding=&#8220;0px||0px||true|false&#8220; global_colors_info=&#8220;{}&#8220;][\/et_pb_divider][\/et_pb_column][\/et_pb_row][et_pb_row column_structure=&#8220;2_5,3_5&#8243; _builder_version=&#8220;4.26.0&#8243; _module_preset=&#8220;default&#8220; custom_margin=&#8220;0px||0px||false|false&#8220; custom_padding=&#8220;0px||0px||false|false&#8220; global_colors_info=&#8220;{}&#8220;][et_pb_column type=&#8220;2_5&#8243; _builder_version=&#8220;4.26.0&#8243; _module_preset=&#8220;default&#8220; background_color=&#8220;#FFFFFF&#8220; custom_padding=&#8220;2%|2%|2%|2%|true|true&#8220; global_colors_info=&#8220;{}&#8220;][et_pb_text module_class=&#8220;auszeichnung_beige&#8220; _builder_version=&#8220;4.26.0&#8243; _module_preset=&#8220;default&#8220; header_2_font=&#8220;|800||on|||||&#8220; header_2_font_size=&#8220;30px&#8220; global_colors_info=&#8220;{}&#8220;]<\/p>\n<h2 class=\"entry-header\">DRK-Ortsverein<\/h2>\n<div class=\"entry-content\"><\/div>\n<p>[\/et_pb_text][et_pb_team_member name=&#8220;Petra L\u00fcbon&#8220; position=&#8220;1. Vorsitzende&#8220; image_url=&#8220;http:\/\/wuelfingen.de\/w24\/wp-content\/uploads\/2024\/08\/musterperson.png&#8220; _builder_version=&#8220;4.27.0&#8243; _module_preset=&#8220;default&#8220; header_font=&#8220;|800|||||||&#8220; header_text_color=&#8220;#B24558&#8243; header_font_size=&#8220;22px&#8220; position_line_height=&#8220;2em&#8220; text_orientation=&#8220;center&#8220; custom_padding=&#8220;5%|5%|5%|5%|true|true&#8220; border_width_all=&#8220;1px&#8220; border_style_all=&#8220;dotted&#8220; global_colors_info=&#8220;{}&#8220;]<\/p>\n<p><span>K\u00fcchengarten 5<\/span><br \/><span>31008 Elze<\/span><\/p>\n<p>Telefon 05068 1259<\/p>\n<p>[\/et_pb_team_member][et_pb_contact_form email=&#8220;petraluebon@drk-wuelfingen.de&#8220; success_message=&#8220;Das hat geklappt! Wir melden uns umgehend bei Ihnen.&#8220; _builder_version=&#8220;4.27.0&#8243; _module_preset=&#8220;default&#8220; _unique_id=&#8220;f63137b3-aa57-423f-ab5d-b5a58c98b8f0&#8243; custom_button=&#8220;on&#8220; button_text_color=&#8220;#515B65&#8243; global_colors_info=&#8220;{}&#8220;][et_pb_contact_field field_id=&#8220;Name&#8220; field_title=&#8220;Name&#8220; _builder_version=&#8220;4.16&#8243; global_colors_info=&#8220;{}&#8220; button_text_size__hover_enabled=&#8220;off&#8220; button_one_text_size__hover_enabled=&#8220;off&#8220; button_two_text_size__hover_enabled=&#8220;off&#8220; button_text_color__hover_enabled=&#8220;off&#8220; button_one_text_color__hover_enabled=&#8220;off&#8220; button_two_text_color__hover_enabled=&#8220;off&#8220; button_border_width__hover_enabled=&#8220;off&#8220; button_one_border_width__hover_enabled=&#8220;off&#8220; button_two_border_width__hover_enabled=&#8220;off&#8220; button_border_color__hover_enabled=&#8220;off&#8220; button_one_border_color__hover_enabled=&#8220;off&#8220; button_two_border_color__hover_enabled=&#8220;off&#8220; button_border_radius__hover_enabled=&#8220;off&#8220; button_one_border_radius__hover_enabled=&#8220;off&#8220; button_two_border_radius__hover_enabled=&#8220;off&#8220; button_letter_spacing__hover_enabled=&#8220;off&#8220; button_one_letter_spacing__hover_enabled=&#8220;off&#8220; button_two_letter_spacing__hover_enabled=&#8220;off&#8220; button_bg_color__hover_enabled=&#8220;off&#8220; button_one_bg_color__hover_enabled=&#8220;off&#8220; button_two_bg_color__hover_enabled=&#8220;off&#8220;][\/et_pb_contact_field][et_pb_contact_field field_id=&#8220;Email&#8220; field_title=&#8220;E-Mail-Adresse&#8220; field_type=&#8220;email&#8220; _builder_version=&#8220;4.16&#8243; global_colors_info=&#8220;{}&#8220; button_text_size__hover_enabled=&#8220;off&#8220; button_one_text_size__hover_enabled=&#8220;off&#8220; button_two_text_size__hover_enabled=&#8220;off&#8220; button_text_color__hover_enabled=&#8220;off&#8220; button_one_text_color__hover_enabled=&#8220;off&#8220; button_two_text_color__hover_enabled=&#8220;off&#8220; button_border_width__hover_enabled=&#8220;off&#8220; button_one_border_width__hover_enabled=&#8220;off&#8220; button_two_border_width__hover_enabled=&#8220;off&#8220; button_border_color__hover_enabled=&#8220;off&#8220; button_one_border_color__hover_enabled=&#8220;off&#8220; button_two_border_color__hover_enabled=&#8220;off&#8220; button_border_radius__hover_enabled=&#8220;off&#8220; button_one_border_radius__hover_enabled=&#8220;off&#8220; button_two_border_radius__hover_enabled=&#8220;off&#8220; button_letter_spacing__hover_enabled=&#8220;off&#8220; button_one_letter_spacing__hover_enabled=&#8220;off&#8220; button_two_letter_spacing__hover_enabled=&#8220;off&#8220; button_bg_color__hover_enabled=&#8220;off&#8220; button_one_bg_color__hover_enabled=&#8220;off&#8220; button_two_bg_color__hover_enabled=&#8220;off&#8220;][\/et_pb_contact_field][et_pb_contact_field field_id=&#8220;Message&#8220; field_title=&#8220;Nachricht&#8220; field_type=&#8220;text&#8220; fullwidth_field=&#8220;on&#8220; _builder_version=&#8220;4.16&#8243; global_colors_info=&#8220;{}&#8220; button_text_size__hover_enabled=&#8220;off&#8220; button_one_text_size__hover_enabled=&#8220;off&#8220; button_two_text_size__hover_enabled=&#8220;off&#8220; button_text_color__hover_enabled=&#8220;off&#8220; button_one_text_color__hover_enabled=&#8220;off&#8220; button_two_text_color__hover_enabled=&#8220;off&#8220; button_border_width__hover_enabled=&#8220;off&#8220; button_one_border_width__hover_enabled=&#8220;off&#8220; button_two_border_width__hover_enabled=&#8220;off&#8220; button_border_color__hover_enabled=&#8220;off&#8220; button_one_border_color__hover_enabled=&#8220;off&#8220; button_two_border_color__hover_enabled=&#8220;off&#8220; button_border_radius__hover_enabled=&#8220;off&#8220; button_one_border_radius__hover_enabled=&#8220;off&#8220; button_two_border_radius__hover_enabled=&#8220;off&#8220; button_letter_spacing__hover_enabled=&#8220;off&#8220; button_one_letter_spacing__hover_enabled=&#8220;off&#8220; button_two_letter_spacing__hover_enabled=&#8220;off&#8220; button_bg_color__hover_enabled=&#8220;off&#8220; button_one_bg_color__hover_enabled=&#8220;off&#8220; button_two_bg_color__hover_enabled=&#8220;off&#8220;][\/et_pb_contact_field][\/et_pb_contact_form][et_pb_text _builder_version=&#8220;4.24.2&#8243; _module_preset=&#8220;default&#8220; global_colors_info=&#8220;{}&#8220;]<\/p>\n<p>Weitere Informationen finden Sie auf der Internetseite des DRK-Ortsverein W\u00fclfingen.<\/p>\n<p>[\/et_pb_text][et_pb_button button_url=&#8220;https:\/\/www.drk-wuelfingen.de\/&#8220; button_text=&#8220;Zur Internetseite&#8220; _builder_version=&#8220;4.26.0&#8243; _module_preset=&#8220;default&#8220; custom_button=&#8220;on&#8220; button_text_color=&#8220;#82292F&#8220; global_colors_info=&#8220;{}&#8220;][\/et_pb_button][\/et_pb_column][et_pb_column type=&#8220;3_5&#8243; _builder_version=&#8220;4.24.2&#8243; _module_preset=&#8220;default&#8220; global_colors_info=&#8220;{}&#8220;][et_pb_text _builder_version=&#8220;4.24.2&#8243; _module_preset=&#8220;default&#8220; global_colors_info=&#8220;{}&#8220;]<\/p>\n<p>Der DRK-Ortsverein W\u00fclfingen geh\u00f6rt zum Kreisverband Hannover-Land\/Springe e.V.<\/p>\n<p>Auszug aus dem Gr\u00fcndungsprotokoll des Ortsvereines W\u00fclfingen:<br \/>Am 20. Februar 1927 waren in der Marienkirche zu W\u00fclfingen 50 Personen zwecks Gr\u00fcndung des V\u00e4terlichen Frauenverein vom Roten Kreuz und zwecks Einrichtung einer Gemeindeschwesternstation f\u00fcr den Bezirk Adensen-Hallerburg und W\u00fclfingen erschienen.<br \/>Nach Verlesung der Satzung wurde der Gr\u00fcndung zugestimmt.<br \/>1. Vorsitzende wurde Frau Albertine Oppermann.<br \/>Am 4. April 1927 wurde die Satzung vom Vorstand unterschrieben.<\/p>\n<p>In\u00a0vielen Jahrzehnten haben sich\u00a0die Ziele und Aufgaben ver\u00e4ndert, die Grunds\u00e4tze des DRK bleiben als Leitlinien des Handelns.<\/p>\n<p>&nbsp;<\/p>\n<ul>\n<li>Menschlichkeit<\/li>\n<li>Einheit<\/li>\n<li>Neutralit\u00e4t<\/li>\n<li>Freiwilligkeit<\/li>\n<li>Unabh\u00e4ngigkeit<\/li>\n<\/ul>\n<p>[\/et_pb_text][\/et_pb_column][\/et_pb_row][et_pb_row _builder_version=&#8220;4.24.2&#8243; _module_preset=&#8220;default&#8220; custom_margin=&#8220;0px||0px||false|false&#8220; custom_padding=&#8220;5%||5%||true|false&#8220; global_colors_info=&#8220;{}&#8220;][et_pb_column type=&#8220;4_4&#8243; _builder_version=&#8220;4.24.2&#8243; _module_preset=&#8220;default&#8220; global_colors_info=&#8220;{}&#8220;][et_pb_divider color=&#8220;#515B65&#8243; divider_position=&#8220;center&#8220; module_id=&#8220;chor&#8220; _builder_version=&#8220;4.24.2&#8243; _module_preset=&#8220;default&#8220; custom_margin=&#8220;0px||0px||false|false&#8220; custom_padding=&#8220;0px||0px||true|false&#8220; global_colors_info=&#8220;{}&#8220;][\/et_pb_divider][\/et_pb_column][\/et_pb_row][et_pb_row column_structure=&#8220;2_5,3_5&#8243; _builder_version=&#8220;4.26.0&#8243; _module_preset=&#8220;default&#8220; custom_margin=&#8220;0px||0px||false|false&#8220; custom_padding=&#8220;0px||0px||false|false&#8220; global_colors_info=&#8220;{}&#8220;][et_pb_column type=&#8220;2_5&#8243; _builder_version=&#8220;4.26.0&#8243; _module_preset=&#8220;default&#8220; background_color=&#8220;#FFFFFF&#8220; custom_padding=&#8220;2%|2%|2%|2%|true|true&#8220; global_colors_info=&#8220;{}&#8220;][et_pb_text module_class=&#8220;auszeichnung_beige&#8220; _builder_version=&#8220;4.26.0&#8243; _module_preset=&#8220;default&#8220; header_2_font=&#8220;|800||on|||||&#8220; header_2_font_size=&#8220;30px&#8220; global_colors_info=&#8220;{}&#8220;]<\/p>\n<h2 class=\"entry-header\">Heimatbund<\/h2>\n<p>[\/et_pb_text][et_pb_team_member name=&#8220;Walter Heuer&#8220; position=&#8220;1. Vorsitzende&#8220; image_url=&#8220;http:\/\/wuelfingen.de\/w24\/wp-content\/uploads\/2024\/08\/musterperson.png&#8220; _builder_version=&#8220;4.27.0&#8243; _module_preset=&#8220;default&#8220; header_font=&#8220;|800|||||||&#8220; header_text_color=&#8220;#B24558&#8243; header_font_size=&#8220;22px&#8220; position_line_height=&#8220;2em&#8220; text_orientation=&#8220;center&#8220; custom_padding=&#8220;5%|5%|5%|5%|true|true&#8220; border_width_all=&#8220;1px&#8220; border_style_all=&#8220;dotted&#8220; global_colors_info=&#8220;{}&#8220;]<\/p>\n<p><span>Leinestra\u00dfe. 12<br \/>31008 Elze<\/span><\/p>\n<p>[\/et_pb_team_member][et_pb_contact_form email=&#8220;walter@heuer-info.de&#8220; success_message=&#8220;Das hat geklappt! Wir melden uns umgehend bei Ihnen.&#8220; _builder_version=&#8220;4.27.0&#8243; _module_preset=&#8220;default&#8220; _unique_id=&#8220;f63137b3-aa57-423f-ab5d-b5a58c98b8f0&#8243; custom_button=&#8220;on&#8220; button_text_color=&#8220;#515B65&#8243; global_colors_info=&#8220;{}&#8220;][et_pb_contact_field field_id=&#8220;Name&#8220; field_title=&#8220;Name&#8220; _builder_version=&#8220;4.16&#8243; global_colors_info=&#8220;{}&#8220; button_text_size__hover_enabled=&#8220;off&#8220; button_one_text_size__hover_enabled=&#8220;off&#8220; button_two_text_size__hover_enabled=&#8220;off&#8220; button_text_color__hover_enabled=&#8220;off&#8220; button_one_text_color__hover_enabled=&#8220;off&#8220; button_two_text_color__hover_enabled=&#8220;off&#8220; button_border_width__hover_enabled=&#8220;off&#8220; button_one_border_width__hover_enabled=&#8220;off&#8220; button_two_border_width__hover_enabled=&#8220;off&#8220; button_border_color__hover_enabled=&#8220;off&#8220; button_one_border_color__hover_enabled=&#8220;off&#8220; button_two_border_color__hover_enabled=&#8220;off&#8220; button_border_radius__hover_enabled=&#8220;off&#8220; button_one_border_radius__hover_enabled=&#8220;off&#8220; button_two_border_radius__hover_enabled=&#8220;off&#8220; button_letter_spacing__hover_enabled=&#8220;off&#8220; button_one_letter_spacing__hover_enabled=&#8220;off&#8220; button_two_letter_spacing__hover_enabled=&#8220;off&#8220; button_bg_color__hover_enabled=&#8220;off&#8220; button_one_bg_color__hover_enabled=&#8220;off&#8220; button_two_bg_color__hover_enabled=&#8220;off&#8220;][\/et_pb_contact_field][et_pb_contact_field field_id=&#8220;Email&#8220; field_title=&#8220;E-Mail-Adresse&#8220; field_type=&#8220;email&#8220; _builder_version=&#8220;4.16&#8243; global_colors_info=&#8220;{}&#8220; button_text_size__hover_enabled=&#8220;off&#8220; button_one_text_size__hover_enabled=&#8220;off&#8220; button_two_text_size__hover_enabled=&#8220;off&#8220; button_text_color__hover_enabled=&#8220;off&#8220; button_one_text_color__hover_enabled=&#8220;off&#8220; button_two_text_color__hover_enabled=&#8220;off&#8220; button_border_width__hover_enabled=&#8220;off&#8220; button_one_border_width__hover_enabled=&#8220;off&#8220; button_two_border_width__hover_enabled=&#8220;off&#8220; button_border_color__hover_enabled=&#8220;off&#8220; button_one_border_color__hover_enabled=&#8220;off&#8220; button_two_border_color__hover_enabled=&#8220;off&#8220; button_border_radius__hover_enabled=&#8220;off&#8220; button_one_border_radius__hover_enabled=&#8220;off&#8220; button_two_border_radius__hover_enabled=&#8220;off&#8220; button_letter_spacing__hover_enabled=&#8220;off&#8220; button_one_letter_spacing__hover_enabled=&#8220;off&#8220; button_two_letter_spacing__hover_enabled=&#8220;off&#8220; button_bg_color__hover_enabled=&#8220;off&#8220; button_one_bg_color__hover_enabled=&#8220;off&#8220; button_two_bg_color__hover_enabled=&#8220;off&#8220;][\/et_pb_contact_field][et_pb_contact_field field_id=&#8220;Message&#8220; field_title=&#8220;Nachricht&#8220; field_type=&#8220;text&#8220; fullwidth_field=&#8220;on&#8220; _builder_version=&#8220;4.16&#8243; global_colors_info=&#8220;{}&#8220; button_text_size__hover_enabled=&#8220;off&#8220; button_one_text_size__hover_enabled=&#8220;off&#8220; button_two_text_size__hover_enabled=&#8220;off&#8220; button_text_color__hover_enabled=&#8220;off&#8220; button_one_text_color__hover_enabled=&#8220;off&#8220; button_two_text_color__hover_enabled=&#8220;off&#8220; button_border_width__hover_enabled=&#8220;off&#8220; button_one_border_width__hover_enabled=&#8220;off&#8220; button_two_border_width__hover_enabled=&#8220;off&#8220; button_border_color__hover_enabled=&#8220;off&#8220; button_one_border_color__hover_enabled=&#8220;off&#8220; button_two_border_color__hover_enabled=&#8220;off&#8220; button_border_radius__hover_enabled=&#8220;off&#8220; button_one_border_radius__hover_enabled=&#8220;off&#8220; button_two_border_radius__hover_enabled=&#8220;off&#8220; button_letter_spacing__hover_enabled=&#8220;off&#8220; button_one_letter_spacing__hover_enabled=&#8220;off&#8220; button_two_letter_spacing__hover_enabled=&#8220;off&#8220; button_bg_color__hover_enabled=&#8220;off&#8220; button_one_bg_color__hover_enabled=&#8220;off&#8220; button_two_bg_color__hover_enabled=&#8220;off&#8220;][\/et_pb_contact_field][\/et_pb_contact_form][et_pb_text _builder_version=&#8220;4.24.2&#8243; _module_preset=&#8220;default&#8220; global_colors_info=&#8220;{}&#8220;]<\/p>\n<p>Weitere Informationen zum W\u00fclfinger Heimatbund finden Sie auf der Internetseite des W\u00fclfinger Heimatbundes.<\/p>\n<p>[\/et_pb_text][et_pb_button button_url=&#8220;http:\/\/heimatbund.wuelfingen.de\/&#8220; button_text=&#8220;Zur Internetseite&#8220; _builder_version=&#8220;4.26.0&#8243; _module_preset=&#8220;default&#8220; custom_button=&#8220;on&#8220; button_text_color=&#8220;#82292F&#8220; global_colors_info=&#8220;{}&#8220;][\/et_pb_button][\/et_pb_column][et_pb_column type=&#8220;3_5&#8243; _builder_version=&#8220;4.24.2&#8243; _module_preset=&#8220;default&#8220; global_colors_info=&#8220;{}&#8220;][et_pb_text _builder_version=&#8220;4.24.2&#8243; _module_preset=&#8220;default&#8220; global_colors_info=&#8220;{}&#8220;]<\/p>\n<p>Der Heimatbund W\u00fclfingen\u00a0wurde 1933 auf Initiative von Alfred Warnecke in W\u00fclfingen\u00a0als Heimatbund Niedersachsen \u2013 Ortsgruppe W\u00fclfingen gegr\u00fcndet.<\/p>\n<p>Das Ziel des Heimatbundes ist der Naturschutz, die Denkmalpflege, die Erhaltung aller Traditionen und die Weiterf\u00fchrung der Geschichte des Dorfes. Das Buch mit der Chronik des Dorfes W\u00fclfingen ist beim Heimatbund erh\u00e4ltlich.<\/p>\n<p>[\/et_pb_text][\/et_pb_column][\/et_pb_row][et_pb_row _builder_version=&#8220;4.24.2&#8243; _module_preset=&#8220;default&#8220; custom_margin=&#8220;0px||0px||false|false&#8220; custom_padding=&#8220;5%||5%||true|false&#8220; global_colors_info=&#8220;{}&#8220;][et_pb_column type=&#8220;4_4&#8243; _builder_version=&#8220;4.24.2&#8243; _module_preset=&#8220;default&#8220; global_colors_info=&#8220;{}&#8220;][et_pb_divider color=&#8220;#515B65&#8243; divider_position=&#8220;center&#8220; module_id=&#8220;landfrauen&#8220; _builder_version=&#8220;4.24.2&#8243; _module_preset=&#8220;default&#8220; custom_margin=&#8220;0px||0px||false|false&#8220; custom_padding=&#8220;0px||0px||true|false&#8220; global_colors_info=&#8220;{}&#8220;][\/et_pb_divider][\/et_pb_column][\/et_pb_row][et_pb_row column_structure=&#8220;2_5,3_5&#8243; _builder_version=&#8220;4.26.0&#8243; _module_preset=&#8220;default&#8220; custom_margin=&#8220;0px||0px||false|false&#8220; custom_padding=&#8220;0px||0px||false|false&#8220; global_colors_info=&#8220;{}&#8220;][et_pb_column type=&#8220;2_5&#8243; _builder_version=&#8220;4.26.0&#8243; _module_preset=&#8220;default&#8220; background_color=&#8220;#ffffff&#8220; custom_padding=&#8220;2%|2%|2%|2%|true|true&#8220; global_colors_info=&#8220;{}&#8220;][et_pb_text module_class=&#8220;auszeichnung_beige&#8220; _builder_version=&#8220;4.26.0&#8243; _module_preset=&#8220;default&#8220; header_2_font=&#8220;|800||on|||||&#8220; header_2_font_size=&#8220;30px&#8220; global_colors_info=&#8220;{}&#8220;]<\/p>\n<h2 class=\"entry-header\">Landfrauen W\u00fclfingen<\/h2>\n<p>[\/et_pb_text][et_pb_team_member name=&#8220;Margrit Veuskens&#8220; position=&#8220;Kommissarische Vorsitzende&#8220; image_url=&#8220;http:\/\/wuelfingen.de\/w24\/wp-content\/uploads\/2024\/08\/musterperson.png&#8220; _builder_version=&#8220;4.27.0&#8243; _module_preset=&#8220;default&#8220; header_font=&#8220;|800|||||||&#8220; header_text_color=&#8220;#B24558&#8243; header_font_size=&#8220;22px&#8220; position_line_height=&#8220;2em&#8220; text_orientation=&#8220;center&#8220; custom_padding=&#8220;5%|5%|5%|5%|true|true&#8220; border_width_all=&#8220;1px&#8220; border_style_all=&#8220;dotted&#8220; global_colors_info=&#8220;{}&#8220;]<\/p>\n<p><strong><\/strong><\/p>\n<p>Telefon 05044 8693<\/p>\n<p>[\/et_pb_team_member][et_pb_contact_form email=&#8220;landfrauenverein.wuelfingen@gmail.com&#8220; success_message=&#8220;Das hat geklappt! Wir melden uns umgehend bei Ihnen.&#8220; _builder_version=&#8220;4.27.0&#8243; _module_preset=&#8220;default&#8220; _unique_id=&#8220;f63137b3-aa57-423f-ab5d-b5a58c98b8f0&#8243; custom_button=&#8220;on&#8220; button_text_color=&#8220;#515B65&#8243; global_colors_info=&#8220;{}&#8220;][et_pb_contact_field field_id=&#8220;Name&#8220; field_title=&#8220;Name&#8220; _builder_version=&#8220;4.16&#8243; global_colors_info=&#8220;{}&#8220; button_text_size__hover_enabled=&#8220;off&#8220; button_one_text_size__hover_enabled=&#8220;off&#8220; button_two_text_size__hover_enabled=&#8220;off&#8220; button_text_color__hover_enabled=&#8220;off&#8220; button_one_text_color__hover_enabled=&#8220;off&#8220; button_two_text_color__hover_enabled=&#8220;off&#8220; button_border_width__hover_enabled=&#8220;off&#8220; button_one_border_width__hover_enabled=&#8220;off&#8220; button_two_border_width__hover_enabled=&#8220;off&#8220; button_border_color__hover_enabled=&#8220;off&#8220; button_one_border_color__hover_enabled=&#8220;off&#8220; button_two_border_color__hover_enabled=&#8220;off&#8220; button_border_radius__hover_enabled=&#8220;off&#8220; button_one_border_radius__hover_enabled=&#8220;off&#8220; button_two_border_radius__hover_enabled=&#8220;off&#8220; button_letter_spacing__hover_enabled=&#8220;off&#8220; button_one_letter_spacing__hover_enabled=&#8220;off&#8220; button_two_letter_spacing__hover_enabled=&#8220;off&#8220; button_bg_color__hover_enabled=&#8220;off&#8220; button_one_bg_color__hover_enabled=&#8220;off&#8220; button_two_bg_color__hover_enabled=&#8220;off&#8220;][\/et_pb_contact_field][et_pb_contact_field field_id=&#8220;Email&#8220; field_title=&#8220;E-Mail-Adresse&#8220; field_type=&#8220;email&#8220; _builder_version=&#8220;4.16&#8243; global_colors_info=&#8220;{}&#8220; button_text_size__hover_enabled=&#8220;off&#8220; button_one_text_size__hover_enabled=&#8220;off&#8220; button_two_text_size__hover_enabled=&#8220;off&#8220; button_text_color__hover_enabled=&#8220;off&#8220; button_one_text_color__hover_enabled=&#8220;off&#8220; button_two_text_color__hover_enabled=&#8220;off&#8220; button_border_width__hover_enabled=&#8220;off&#8220; button_one_border_width__hover_enabled=&#8220;off&#8220; button_two_border_width__hover_enabled=&#8220;off&#8220; button_border_color__hover_enabled=&#8220;off&#8220; button_one_border_color__hover_enabled=&#8220;off&#8220; button_two_border_color__hover_enabled=&#8220;off&#8220; button_border_radius__hover_enabled=&#8220;off&#8220; button_one_border_radius__hover_enabled=&#8220;off&#8220; button_two_border_radius__hover_enabled=&#8220;off&#8220; button_letter_spacing__hover_enabled=&#8220;off&#8220; button_one_letter_spacing__hover_enabled=&#8220;off&#8220; button_two_letter_spacing__hover_enabled=&#8220;off&#8220; button_bg_color__hover_enabled=&#8220;off&#8220; button_one_bg_color__hover_enabled=&#8220;off&#8220; button_two_bg_color__hover_enabled=&#8220;off&#8220;][\/et_pb_contact_field][et_pb_contact_field field_id=&#8220;Message&#8220; field_title=&#8220;Nachricht&#8220; field_type=&#8220;text&#8220; fullwidth_field=&#8220;on&#8220; _builder_version=&#8220;4.16&#8243; global_colors_info=&#8220;{}&#8220; button_text_size__hover_enabled=&#8220;off&#8220; button_one_text_size__hover_enabled=&#8220;off&#8220; button_two_text_size__hover_enabled=&#8220;off&#8220; button_text_color__hover_enabled=&#8220;off&#8220; button_one_text_color__hover_enabled=&#8220;off&#8220; button_two_text_color__hover_enabled=&#8220;off&#8220; button_border_width__hover_enabled=&#8220;off&#8220; button_one_border_width__hover_enabled=&#8220;off&#8220; button_two_border_width__hover_enabled=&#8220;off&#8220; button_border_color__hover_enabled=&#8220;off&#8220; button_one_border_color__hover_enabled=&#8220;off&#8220; button_two_border_color__hover_enabled=&#8220;off&#8220; button_border_radius__hover_enabled=&#8220;off&#8220; button_one_border_radius__hover_enabled=&#8220;off&#8220; button_two_border_radius__hover_enabled=&#8220;off&#8220; button_letter_spacing__hover_enabled=&#8220;off&#8220; button_one_letter_spacing__hover_enabled=&#8220;off&#8220; button_two_letter_spacing__hover_enabled=&#8220;off&#8220; button_bg_color__hover_enabled=&#8220;off&#8220; button_one_bg_color__hover_enabled=&#8220;off&#8220; button_two_bg_color__hover_enabled=&#8220;off&#8220;][\/et_pb_contact_field][\/et_pb_contact_form][et_pb_text _builder_version=&#8220;4.24.2&#8243; _module_preset=&#8220;default&#8220; global_colors_info=&#8220;{}&#8220;]<\/p>\n<p>Weitere Informationen zu den W\u00fclfinger Landfrauen finden Sie auf der Internetseite der W\u00fclfinger Landfrauen.<\/p>\n<p>[\/et_pb_text][et_pb_button button_url=&#8220;https:\/\/www.kreislandfrauen-springe.de\/landfrauen-wuelfingen\/&#8220; button_text=&#8220;Zur Internetseite&#8220; _builder_version=&#8220;4.26.0&#8243; _module_preset=&#8220;default&#8220; custom_button=&#8220;on&#8220; button_text_color=&#8220;#82292F&#8220; global_colors_info=&#8220;{}&#8220;][\/et_pb_button][\/et_pb_column][et_pb_column type=&#8220;3_5&#8243; _builder_version=&#8220;4.24.2&#8243; _module_preset=&#8220;default&#8220; global_colors_info=&#8220;{}&#8220;][et_pb_text _builder_version=&#8220;4.24.2&#8243; _module_preset=&#8220;default&#8220; global_colors_info=&#8220;{}&#8220;]<\/p>\n<p>Der Flyer mit einer Themen- und Veranstaltungs\u00fcbersicht wird einmal im Jahr an die Mitglieder\/innen verteilt.<\/p>\n<p>Wir bitten um rege Beteiligung bei allen Veranstaltungen. \u00dcber G\u00e4ste und neue Mitglieder freuen wir uns sehr!<br \/>Wir hoffen mit diesem Programm Ihr Interesse geweckt zu haben und freuen uns darauf, Sie alle wiederzusehen.<\/p>\n<p>Wandern: Von Januar bis November jeweils am letzten Mittwoch im Monat ab 14 Uhr<\/p>\n<p>Haben Sie Fragen zum Landfrauenverband in Ihrem Ort dann sprechen Sie bitte ihre Ortsvertrauensfrauen an:<\/p>\n<p>Weitere Informationen finden Sie auf folgenden Internseiten:<\/p>\n<p>&nbsp;<\/p>\n<ul>\n<li><a href=\"http:\/\/www.kreislandfrauen-springe.de\/\" target=\"_blank\" rel=\"noopener\">Kreisverband Springe<\/a><\/li>\n<li><a href=\"http:\/\/www.landfrauen-nlv.de\/\"><span><\/span>nieders\u00e4chsischer Landfrauenverband<\/a><\/li>\n<li><a href=\"http:\/\/www.dlv-online.de\/\">deutscher Landfrauenverband<\/a><\/li>\n<li><a href=\"http:\/\/www.lwk-hannover.de\/\">Landwirtschaftskammer Hannover<\/a><span>\u00a0<\/span><\/li>\n<\/ul>\n<p>[\/et_pb_text][\/et_pb_column][\/et_pb_row][et_pb_row _builder_version=&#8220;4.24.2&#8243; _module_preset=&#8220;default&#8220; custom_margin=&#8220;0px||0px||false|false&#8220; custom_padding=&#8220;5%||5%||true|false&#8220; global_colors_info=&#8220;{}&#8220;][et_pb_column type=&#8220;4_4&#8243; _builder_version=&#8220;4.24.2&#8243; _module_preset=&#8220;default&#8220; global_colors_info=&#8220;{}&#8220;][et_pb_divider color=&#8220;#515B65&#8243; divider_position=&#8220;center&#8220; module_id=&#8220;sozialverband&#8220; _builder_version=&#8220;4.24.2&#8243; _module_preset=&#8220;default&#8220; custom_margin=&#8220;0px||0px||false|false&#8220; custom_padding=&#8220;0px||0px||true|false&#8220; global_colors_info=&#8220;{}&#8220;][\/et_pb_divider][\/et_pb_column][\/et_pb_row][et_pb_row column_structure=&#8220;2_5,3_5&#8243; _builder_version=&#8220;4.26.0&#8243; _module_preset=&#8220;default&#8220; custom_margin=&#8220;0px||0px||false|false&#8220; custom_padding=&#8220;0px||0px||false|false&#8220; global_colors_info=&#8220;{}&#8220;][et_pb_column type=&#8220;2_5&#8243; _builder_version=&#8220;4.26.0&#8243; _module_preset=&#8220;default&#8220; background_color=&#8220;#FFFFFF&#8220; custom_padding=&#8220;2%|2%|2%|2%|true|true&#8220; global_colors_info=&#8220;{}&#8220;][et_pb_text module_class=&#8220;auszeichnung_beige&#8220; _builder_version=&#8220;4.26.0&#8243; _module_preset=&#8220;default&#8220; header_2_font=&#8220;|800||on|||||&#8220; header_2_font_size=&#8220;30px&#8220; global_colors_info=&#8220;{}&#8220;]<\/p>\n<h2 class=\"entry-header\">Sportverein<\/h2>\n<p>[\/et_pb_text][et_pb_team_member name=&#8220;Lars Knop&#8220; position=&#8220;1. Vorsitzende&#8220; image_url=&#8220;http:\/\/wuelfingen.de\/w24\/wp-content\/uploads\/2024\/08\/musterperson.png&#8220; _builder_version=&#8220;4.27.0&#8243; _module_preset=&#8220;default&#8220; header_font=&#8220;|800|||||||&#8220; header_text_color=&#8220;#B24558&#8243; header_font_size=&#8220;22px&#8220; position_line_height=&#8220;2em&#8220; text_orientation=&#8220;center&#8220; custom_padding=&#8220;5%|5%|5%|5%|true|true&#8220; border_width_all=&#8220;1px&#8220; border_style_all=&#8220;dotted&#8220; global_colors_info=&#8220;{}&#8220;]<\/p>\n<p><span>Leinestr. 33<br \/>31008 Elze<\/span><\/p>\n<p><span>Telefon 05068 931966<\/span><br \/><span>Mobil 0172 9299389<\/span><\/p>\n<p>[\/et_pb_team_member][et_pb_contact_form email=&#8220;vorsitzender@sv-wuelfingen.de&#8220; success_message=&#8220;Das hat geklappt! Wir melden uns umgehend bei Ihnen.&#8220; _builder_version=&#8220;4.27.0&#8243; _module_preset=&#8220;default&#8220; _unique_id=&#8220;f63137b3-aa57-423f-ab5d-b5a58c98b8f0&#8243; custom_button=&#8220;on&#8220; button_text_color=&#8220;#515B65&#8243; global_colors_info=&#8220;{}&#8220;][et_pb_contact_field field_id=&#8220;Name&#8220; field_title=&#8220;Name&#8220; _builder_version=&#8220;4.16&#8243; global_colors_info=&#8220;{}&#8220; button_text_size__hover_enabled=&#8220;off&#8220; button_one_text_size__hover_enabled=&#8220;off&#8220; button_two_text_size__hover_enabled=&#8220;off&#8220; button_text_color__hover_enabled=&#8220;off&#8220; button_one_text_color__hover_enabled=&#8220;off&#8220; button_two_text_color__hover_enabled=&#8220;off&#8220; button_border_width__hover_enabled=&#8220;off&#8220; button_one_border_width__hover_enabled=&#8220;off&#8220; button_two_border_width__hover_enabled=&#8220;off&#8220; button_border_color__hover_enabled=&#8220;off&#8220; button_one_border_color__hover_enabled=&#8220;off&#8220; button_two_border_color__hover_enabled=&#8220;off&#8220; button_border_radius__hover_enabled=&#8220;off&#8220; button_one_border_radius__hover_enabled=&#8220;off&#8220; button_two_border_radius__hover_enabled=&#8220;off&#8220; button_letter_spacing__hover_enabled=&#8220;off&#8220; button_one_letter_spacing__hover_enabled=&#8220;off&#8220; button_two_letter_spacing__hover_enabled=&#8220;off&#8220; button_bg_color__hover_enabled=&#8220;off&#8220; button_one_bg_color__hover_enabled=&#8220;off&#8220; button_two_bg_color__hover_enabled=&#8220;off&#8220;][\/et_pb_contact_field][et_pb_contact_field field_id=&#8220;Email&#8220; field_title=&#8220;E-Mail-Adresse&#8220; field_type=&#8220;email&#8220; _builder_version=&#8220;4.16&#8243; global_colors_info=&#8220;{}&#8220; button_text_size__hover_enabled=&#8220;off&#8220; button_one_text_size__hover_enabled=&#8220;off&#8220; button_two_text_size__hover_enabled=&#8220;off&#8220; button_text_color__hover_enabled=&#8220;off&#8220; button_one_text_color__hover_enabled=&#8220;off&#8220; button_two_text_color__hover_enabled=&#8220;off&#8220; button_border_width__hover_enabled=&#8220;off&#8220; button_one_border_width__hover_enabled=&#8220;off&#8220; button_two_border_width__hover_enabled=&#8220;off&#8220; button_border_color__hover_enabled=&#8220;off&#8220; button_one_border_color__hover_enabled=&#8220;off&#8220; button_two_border_color__hover_enabled=&#8220;off&#8220; button_border_radius__hover_enabled=&#8220;off&#8220; button_one_border_radius__hover_enabled=&#8220;off&#8220; button_two_border_radius__hover_enabled=&#8220;off&#8220; button_letter_spacing__hover_enabled=&#8220;off&#8220; button_one_letter_spacing__hover_enabled=&#8220;off&#8220; button_two_letter_spacing__hover_enabled=&#8220;off&#8220; button_bg_color__hover_enabled=&#8220;off&#8220; button_one_bg_color__hover_enabled=&#8220;off&#8220; button_two_bg_color__hover_enabled=&#8220;off&#8220;][\/et_pb_contact_field][et_pb_contact_field field_id=&#8220;Message&#8220; field_title=&#8220;Nachricht&#8220; field_type=&#8220;text&#8220; fullwidth_field=&#8220;on&#8220; _builder_version=&#8220;4.16&#8243; global_colors_info=&#8220;{}&#8220; button_text_size__hover_enabled=&#8220;off&#8220; button_one_text_size__hover_enabled=&#8220;off&#8220; button_two_text_size__hover_enabled=&#8220;off&#8220; button_text_color__hover_enabled=&#8220;off&#8220; button_one_text_color__hover_enabled=&#8220;off&#8220; button_two_text_color__hover_enabled=&#8220;off&#8220; button_border_width__hover_enabled=&#8220;off&#8220; button_one_border_width__hover_enabled=&#8220;off&#8220; button_two_border_width__hover_enabled=&#8220;off&#8220; button_border_color__hover_enabled=&#8220;off&#8220; button_one_border_color__hover_enabled=&#8220;off&#8220; button_two_border_color__hover_enabled=&#8220;off&#8220; button_border_radius__hover_enabled=&#8220;off&#8220; button_one_border_radius__hover_enabled=&#8220;off&#8220; button_two_border_radius__hover_enabled=&#8220;off&#8220; button_letter_spacing__hover_enabled=&#8220;off&#8220; button_one_letter_spacing__hover_enabled=&#8220;off&#8220; button_two_letter_spacing__hover_enabled=&#8220;off&#8220; button_bg_color__hover_enabled=&#8220;off&#8220; button_one_bg_color__hover_enabled=&#8220;off&#8220; button_two_bg_color__hover_enabled=&#8220;off&#8220;][\/et_pb_contact_field][\/et_pb_contact_form][et_pb_text _builder_version=&#8220;4.24.2&#8243; _module_preset=&#8220;default&#8220; global_colors_info=&#8220;{}&#8220;]<\/p>\n<p>Weitere Informationen zum W\u00fclfinger Sportverein finden Sie auf der Internetseite des Sportverein W\u00fclfingen.<\/p>\n<p>[\/et_pb_text][et_pb_button button_url=&#8220;https:\/\/www.sv-wuelfingen.de\/&#8220; button_text=&#8220;Zur Internetseite&#8220; _builder_version=&#8220;4.24.2&#8243; _module_preset=&#8220;default&#8220; custom_button=&#8220;on&#8220; button_text_color=&#8220;#82292F&#8220; global_colors_info=&#8220;{}&#8220;][\/et_pb_button][\/et_pb_column][et_pb_column type=&#8220;3_5&#8243; _builder_version=&#8220;4.24.2&#8243; _module_preset=&#8220;default&#8220; global_colors_info=&#8220;{}&#8220;][et_pb_text _builder_version=&#8220;4.24.2&#8243; _module_preset=&#8220;default&#8220; global_colors_info=&#8220;{}&#8220;]<\/p>\n<p>Der SV W\u00fclfingen von 1923 \/ 48 e.V. bietet seinen etwa 300 Mitgliedern vielf\u00e4ltige M\u00f6glichkeiten sich sportlich zu bet\u00e4tigen.<\/p>\n<p>Der Verein besteht aus den Sparten:<\/p>\n<ul>\n<li>Fu\u00dfball<\/li>\n<li>Tischtennis<\/li>\n<li>Turnen<\/li>\n<\/ul>\n<p>Im Herren-Fu\u00dfballbereich ist 1988 eine Spielgemeinschaft mit dem VfL Adensen-Hallerburg gegr\u00fcndet worden.<\/p>\n<p>Neben seinen sportlichen Angeboten sorgt der SV W\u00fclfingen allein oder gemeinsam mit den anderen W\u00fclfinger Vereinen f\u00fcr die F\u00f6rderung der d\u00f6rflichen Gemeinschaft.<\/p>\n<p>Aktuelle Veranstaltungen und n\u00e4here Informationen finden Sie auf der eigenen\u00a0<\/p>\n<ul><\/ul>\n<p>[\/et_pb_text][et_pb_text _builder_version=&#8220;4.27.0&#8243; _module_preset=&#8220;default&#8220; text_text_color=&#8220;#FFFFFF&#8220; header_font=&#8220;|800|||||||&#8220; header_text_color=&#8220;#B24558&#8243; header_font_size=&#8220;33px&#8220; header_line_height=&#8220;1.6em&#8220; background_color=&#8220;#82292F&#8220; custom_padding=&#8220;5%|5%|5%|5%|true|true&#8220; border_color_all=&#8220;#9EC2B6&#8243; border_style_all=&#8220;dotted&#8220; global_colors_info=&#8220;{}&#8220;]<\/p>\n<h1>Trainingszeiten Kinder<\/h1>\n<p><strong>Eltern-Kind-Turnen &amp; Kleinkindturnen<\/strong><br \/>Dienstags 9:30 Uhr &#8211; 10:30 Uhr<br \/>Freitags 15:30 Uhr &#8211; 16:30 Uhr<\/p>\n<p><strong>Kinderturnen 3 bis 4 Jahre<\/strong><br \/>Freitags 16:30 Uhr &#8211; 17:30 Uhr<\/p>\n<p class=\"bodytext\"><strong>Kinderturnen Alter ab 5 Jahren<\/strong><br \/>Freitags 17:30 Uhr &#8211; 18:30 Uhr<\/p>\n<p><strong>Traumreisen f\u00fcr Kinder ab 6 Jahren<\/strong><br \/>Mittwochs 16:00 Uhr &#8211; 17:00 Uhr<\/p>\n<p><strong>Tischtennis-Jugend<\/strong><br \/>Donnerstags 18:15 Uhr &#8211; 19:30 Uhr<\/p>\n<p><strong>Fu\u00dfball-Bambinis<\/strong><br \/>Donnerstags 16:00-17:00 Uhr<\/p>\n<p>[\/et_pb_text][et_pb_text _builder_version=&#8220;4.27.0&#8243; _module_preset=&#8220;default&#8220; text_text_color=&#8220;#f5f0eb&#8220; header_text_color=&#8220;#9EC2B6&#8243; header_font_size=&#8220;33px&#8220; header_line_height=&#8220;1.6em&#8220; background_color=&#8220;#001B28&#8243; custom_padding=&#8220;5%|5%|5%|5%|true|true&#8220; border_color_all=&#8220;#9EC2B6&#8243; border_style_all=&#8220;dotted&#8220; global_colors_info=&#8220;{}&#8220;]<\/p>\n<h1><strong>Trainingszeiten <\/strong><strong>Erwachsene <\/strong><\/h1>\n<p><strong>Fit for Fun &#8211; f\u00fcr Frauen ab 25 Jahren<\/strong><br \/>Mittwochs 19:15 Uhr &#8211; 20:15 Uhr<\/p>\n<p><strong>Step-Aerobic<\/strong><br \/>Mittwochs 20:15 Uhr &#8211; 21:15 Uhr<\/p>\n<p class=\"bodytext\"><strong>SV Dartwolves W\u00fclfingen<\/strong><br \/>Dienstags 19:00 Uhr &#8211; 22:00 Uhr<br \/>Donnerstags 19:00 Uhr &#8211; 22:00 Uhr<\/p>\n<p><strong>Tischtennis Herren<\/strong><br \/>Montags 19:00 Uhr &#8211; 22:00 Uhr<br \/>Freitags 19:00 Uhr &#8211; 22:00 Uhr<\/p>\n<p><strong>Fu\u00dfball-Herren<\/strong><br \/>Mittwochs 19:00 Uhr<br \/>Freitags 18:00 Uhr<\/p>\n<p><strong>Badminton<\/strong><br \/>Dienstags 20:15 Uhr &#8211; 22:00 Uhr<\/p>\n<p><strong>Radwandern<\/strong><br \/>alle 14 Tage, dienstags, 19:00 Uhr<\/p>\n<p><strong>Fu\u00dfball-Volleyball<\/strong><br \/>Dienstags, 18:30 Uhr &#8211; 20:15 Uhr<\/p>\n<p>[\/et_pb_text][\/et_pb_column][\/et_pb_row][et_pb_row _builder_version=&#8220;4.24.2&#8243; _module_preset=&#8220;default&#8220; custom_margin=&#8220;0px||0px||false|false&#8220; custom_padding=&#8220;5%||5%||true|false&#8220; global_colors_info=&#8220;{}&#8220;][et_pb_column type=&#8220;4_4&#8243; _builder_version=&#8220;4.24.2&#8243; _module_preset=&#8220;default&#8220; global_colors_info=&#8220;{}&#8220;][et_pb_divider color=&#8220;#515B65&#8243; divider_position=&#8220;center&#8220; module_id=&#8220;sportverein&#8220; _builder_version=&#8220;4.24.2&#8243; _module_preset=&#8220;default&#8220; custom_margin=&#8220;0px||0px||false|false&#8220; custom_padding=&#8220;0px||0px||true|false&#8220; global_colors_info=&#8220;{}&#8220;][\/et_pb_divider][\/et_pb_column][\/et_pb_row][et_pb_row _builder_version=&#8220;4.24.2&#8243; _module_preset=&#8220;default&#8220; custom_margin=&#8220;0px||0px||false|false&#8220; custom_padding=&#8220;0px||0px||false|false&#8220; global_colors_info=&#8220;{}&#8220;][et_pb_column type=&#8220;4_4&#8243; _builder_version=&#8220;4.24.2&#8243; _module_preset=&#8220;default&#8220; global_colors_info=&#8220;{}&#8220;][et_pb_text module_class=&#8220;auszeichnung_weiss&#8220; _builder_version=&#8220;4.27.0&#8243; _module_preset=&#8220;default&#8220; header_2_font=&#8220;|800||on|||||&#8220; header_2_font_size=&#8220;30px&#8220; hover_enabled=&#8220;0&#8243; global_colors_info=&#8220;{}&#8220; sticky_enabled=&#8220;0&#8243;]<\/p>\n<h2 class=\"entry-header\">W\u00fclfinger Welfen<\/h2>\n<p>[\/et_pb_text][et_pb_image src=&#8220;http:\/\/wuelfingen.de\/w24\/wp-content\/uploads\/2024\/10\/wuelfinger-welfen.jpg&#8220; _builder_version=&#8220;4.27.0&#8243; _module_preset=&#8220;default&#8220; title_text=&#8220;w\u00fclfinger welfen&#8220; hover_enabled=&#8220;0&#8243; sticky_enabled=&#8220;0&#8243;][\/et_pb_image][\/et_pb_column][\/et_pb_row][et_pb_row _builder_version=&#8220;4.24.2&#8243; _module_preset=&#8220;default&#8220; custom_margin=&#8220;0px||0px||false|false&#8220; custom_padding=&#8220;5%||5%||true|false&#8220; global_colors_info=&#8220;{}&#8220;][et_pb_column type=&#8220;4_4&#8243; _builder_version=&#8220;4.24.2&#8243; _module_preset=&#8220;default&#8220; global_colors_info=&#8220;{}&#8220;][et_pb_divider color=&#8220;#515B65&#8243; divider_position=&#8220;center&#8220; module_id=&#8220;sportverein&#8220; _builder_version=&#8220;4.24.2&#8243; _module_preset=&#8220;default&#8220; custom_margin=&#8220;0px||0px||false|false&#8220; custom_padding=&#8220;0px||0px||true|false&#8220; global_colors_info=&#8220;{}&#8220;][\/et_pb_divider][\/et_pb_column][\/et_pb_row][et_pb_row column_structure=&#8220;2_5,3_5&#8243; _builder_version=&#8220;4.24.2&#8243; _module_preset=&#8220;default&#8220; custom_margin=&#8220;0px||0px||false|false&#8220; custom_padding=&#8220;0px||0px||false|false&#8220; global_colors_info=&#8220;{}&#8220;][et_pb_column type=&#8220;2_5&#8243; _builder_version=&#8220;4.24.2&#8243; _module_preset=&#8220;default&#8220; global_colors_info=&#8220;{}&#8220;][et_pb_text module_class=&#8220;auszeichnung_weiss&#8220; _builder_version=&#8220;4.24.2&#8243; _module_preset=&#8220;default&#8220; header_2_font=&#8220;|800||on|||||&#8220; header_2_font_size=&#8220;30px&#8220; global_colors_info=&#8220;{}&#8220;]<\/p>\n<h2 class=\"entry-header\">Sozialverband<\/h2>\n<p>[\/et_pb_text][\/et_pb_column][et_pb_column type=&#8220;3_5&#8243; _builder_version=&#8220;4.24.2&#8243; _module_preset=&#8220;default&#8220; global_colors_info=&#8220;{}&#8220;][et_pb_text _builder_version=&#8220;4.24.2&#8243; _module_preset=&#8220;default&#8220; global_colors_info=&#8220;{}&#8220;]<\/p>\n<p>Der Ortsverein W\u00fclfingen\u00a0des Sozialverbandes Deutschlands (vormals Reichsbund deutscher Kriegsopfer) existiert seit 1955.<\/p>\n<p>Besuchen Sie auch die<span>\u00a0<\/span><a href=\"http:\/\/www.sovd.de\/\">Internetseiten des Sozialverbandes Deutschland<\/a><br \/>oder des<span>\u00a0<\/span><a href=\"http:\/\/www.sovd-nds.de\/\">Sozialverbandes Niedersachsen<\/a>.<\/p>\n<ul><\/ul>\n<p>[\/et_pb_text][\/et_pb_column][\/et_pb_row][\/et_pb_section]<\/p>\n","protected":false},"excerpt":{"rendered":"<p>W\u00fclfingerVereine und Verb\u00e4ndeFeuerwehrIm Teiche 831008 ElzeWeitere Informationen finden Sie auf der Internetseite der Ortsfeuerwehr W\u00fclfingen.Freiwillige Feuerwehr W\u00fclfingen &nbsp; Die Freiwillige Feuerwehr W\u00fclfingen wurde 1876 gegr\u00fcndet und ist seitdem ein fester [&hellip;]<\/p>\n","protected":false},"author":2,"featured_media":0,"parent":0,"menu_order":0,"comment_status":"closed","ping_status":"closed","template":"","meta":{"_et_pb_use_builder":"on","_et_pb_old_content":"","_et_gb_content_width":"","_price":"","_stock":"","_tribe_ticket_header":"","_tribe_default_ticket_provider":"","_tribe_ticket_capacity":"0","_ticket_start_date":"","_ticket_end_date":"","_tribe_ticket_show_description":"","_tribe_ticket_show_not_going":false,"_tribe_ticket_use_global_stock":"","_tribe_ticket_global_stock_level":"","_global_stock_mode":"","_global_stock_cap":"","_tribe_rsvp_for_event":"","_tribe_ticket_going_count":"","_tribe_ticket_not_going_count":"","_tribe_tickets_list":"[]","_tribe_ticket_has_attendee_info_fields":false,"footnotes":"","_tec_slr_enabled":"","_tec_slr_layout":""},"class_list":["post-405","page","type-page","status-publish","hentry"],"ticketed":false,"_links":{"self":[{"href":"https:\/\/wuelfingen.de\/w24\/wp-json\/wp\/v2\/pages\/405","targetHints":{"allow":["GET"]}}],"collection":[{"href":"https:\/\/wuelfingen.de\/w24\/wp-json\/wp\/v2\/pages"}],"about":[{"href":"https:\/\/wuelfingen.de\/w24\/wp-json\/wp\/v2\/types\/page"}],"author":[{"embeddable":true,"href":"https:\/\/wuelfingen.de\/w24\/wp-json\/wp\/v2\/users\/2"}],"replies":[{"embeddable":true,"href":"https:\/\/wuelfingen.de\/w24\/wp-json\/wp\/v2\/comments?post=405"}],"version-history":[{"count":143,"href":"https:\/\/wuelfingen.de\/w24\/wp-json\/wp\/v2\/pages\/405\/revisions"}],"predecessor-version":[{"id":1862,"href":"https:\/\/wuelfingen.de\/w24\/wp-json\/wp\/v2\/pages\/405\/revisions\/1862"}],"wp:attachment":[{"href":"https:\/\/wuelfingen.de\/w24\/wp-json\/wp\/v2\/media?parent=405"}],"curies":[{"name":"wp","href":"https:\/\/api.w.org\/{rel}","templated":true}]}}